{"id":65,"date":"2020-05-07T19:00:47","date_gmt":"2020-05-07T17:00:47","guid":{"rendered":"http:\/\/magaliverdet.com\/?page_id=65"},"modified":"2022-01-19T18:03:39","modified_gmt":"2022-01-19T17:03:39","slug":"a-propos","status":"publish","type":"page","link":"https:\/\/magaliverdet.com\/index.php\/a-propos\/","title":{"rendered":"\u00c0 propos"},"content":{"rendered":"<p>[et_pb_section fb_built=\u00a0\u00bb1&Prime; admin_label=\u00a0\u00bbHero Section\u00a0\u00bb _builder_version=\u00a0\u00bb3.7&Prime; background_image=\u00a0\u00bbhttp:\/\/magaliverdet.com\/wp-content\/uploads\/2020\/05\/vincent-van-zalinge-NbV2zFTlc78-unsplash-scaled.jpg\u00a0\u00bb parallax=\u00a0\u00bbon\u00a0\u00bb custom_margin=\u00a0\u00bb|||\u00a0\u00bb custom_padding=\u00a0\u00bb8%||8%|\u00a0\u00bb locked=\u00a0\u00bboff\u00a0\u00bb][et_pb_row _builder_version=\u00a0\u00bb3.0.47&Prime; background_size=\u00a0\u00bbinitial\u00a0\u00bb background_position=\u00a0\u00bbtop_left\u00a0\u00bb background_repeat=\u00a0\u00bbrepeat\u00a0\u00bb][et_pb_column type=\u00a0\u00bb4_4&Prime; _builder_version=\u00a0\u00bb3.0.47&Prime; parallax=\u00a0\u00bboff\u00a0\u00bb parallax_method=\u00a0\u00bbon\u00a0\u00bb][et_pb_text admin_label=\u00a0\u00bbTitle\u00a0\u00bb _builder_version=\u00a0\u00bb3.7&Prime; text_font=\u00a0\u00bbTrebuchet|||||on|||\u00a0\u00bb text_text_color=\u00a0\u00bb#000000&Prime; text_font_size=\u00a0\u00bb30px\u00a0\u00bb text_line_height=\u00a0\u00bb1.4em\u00a0\u00bb header_font=\u00a0\u00bbTimes New Roman|||on|||||\u00a0\u00bb header_text_align=\u00a0\u00bbcenter\u00a0\u00bb header_text_color=\u00a0\u00bb#000000&Prime; header_font_size=\u00a0\u00bb80px\u00a0\u00bb header_font_size_tablet=\u00a0\u00bb40px\u00a0\u00bb header_font_size_last_edited=\u00a0\u00bbon|tablet\u00a0\u00bb header_letter_spacing=\u00a0\u00bb6px\u00a0\u00bb header_line_height=\u00a0\u00bb1.4em\u00a0\u00bb text_orientation=\u00a0\u00bbcenter\u00a0\u00bb background_layout=\u00a0\u00bbdark\u00a0\u00bb max_width=\u00a0\u00bb800px\u00a0\u00bb module_alignment=\u00a0\u00bbcenter\u00a0\u00bb animation_style=\u00a0\u00bbslide\u00a0\u00bb animation_direction=\u00a0\u00bbtop\u00a0\u00bb animation_intensity_slide=\u00a0\u00bb3%\u00a0\u00bb animation_starting_opacity=\u00a0\u00bb100%\u00a0\u00bb inline_fonts=\u00a0\u00bbGeorgia,Adamina\u00a0\u00bb]<\/p>\n<h1><span style=\"font-family: Georgia; font-weight: normal;\">Qui suis-je ?<\/span><\/h1>\n<p><span style=\"font-family: Adamina; font-weight: normal; color: #ffffff;\">Je vous accompagnerai sur ce chemin riche de sens et qui restera \u00e0 jamais grav\u00e9 dans vos c\u0153urs &#8230;<\/span><br \/>\n[\/et_pb_text][\/et_pb_column][\/et_pb_row][\/et_pb_section][et_pb_section fb_built=\u00a0\u00bb1&Prime; admin_label=\u00a0\u00bbAbout Us Section\u00a0\u00bb _builder_version=\u00a0\u00bb3.7&Prime; use_background_color_gradient=\u00a0\u00bbon\u00a0\u00bb background_color_gradient_start=\u00a0\u00bb#ffffff\u00a0\u00bb background_color_gradient_end=\u00a0\u00bbrgba(255,255,255,0)\u00a0\u00bb background_color_gradient_direction=\u00a0\u00bb150deg\u00a0\u00bb background_color_gradient_start_position=\u00a0\u00bb30%\u00a0\u00bb background_color_gradient_overlays_image=\u00a0\u00bbon\u00a0\u00bb background_image=\u00a0\u00bbhttp:\/\/magaliverdet.com\/wp-content\/uploads\/2020\/05\/daiga-ellaby-EwR6Mvwx17I-unsplash-scaled.jpg\u00a0\u00bb custom_padding=\u00a0\u00bb120px||3.4%|0|false|false\u00a0\u00bb][et_pb_row _builder_version=\u00a0\u00bb3.0.105&Prime;][et_pb_column type=\u00a0\u00bb1_2&Prime; _builder_version=\u00a0\u00bb3.0.47&Prime; parallax=\u00a0\u00bboff\u00a0\u00bb parallax_method=\u00a0\u00bbon\u00a0\u00bb][et_pb_image src=\u00a0\u00bbhttp:\/\/magaliverdet.com\/wp-content\/uploads\/2020\/06\/photo-mag.jpg\u00a0\u00bb _builder_version=\u00a0\u00bb3.7&Prime;][\/et_pb_image][et_pb_text admin_label=\u00a0\u00bbTitle\u00a0\u00bb _builder_version=\u00a0\u00bb3.7&Prime; text_font=\u00a0\u00bbGeorgia|||||on|||\u00a0\u00bb text_text_color=\u00a0\u00bb#82150f\u00a0\u00bb header_font=\u00a0\u00bb||||||||\u00a0\u00bb header_line_height=\u00a0\u00bb1.2em\u00a0\u00bb header_2_font=\u00a0\u00bbQuattrocento||||||||\u00a0\u00bb header_2_font_size=\u00a0\u00bb60px\u00a0\u00bb header_2_font_size_tablet=\u00a0\u00bb40px\u00a0\u00bb header_2_font_size_last_edited=\u00a0\u00bbon|desktop\u00a0\u00bb header_2_line_height=\u00a0\u00bb1.3em\u00a0\u00bb custom_margin=\u00a0\u00bb||10px|\u00a0\u00bb animation_style=\u00a0\u00bbslide\u00a0\u00bb animation_direction=\u00a0\u00bbtop\u00a0\u00bb animation_intensity_slide=\u00a0\u00bb5%\u00a0\u00bb locked=\u00a0\u00bboff\u00a0\u00bb inline_fonts=\u00a0\u00bbGeorgia\u00a0\u00bb]<\/p>\n<h2><span style=\"font-family: Georgia; color: #82150f;\">Le fil conducteur de ma vie est la relation humaine.<\/span><\/h2>\n<p>[\/et_pb_text][\/et_pb_column][et_pb_column type=\u00a0\u00bb1_2&Prime; _builder_version=\u00a0\u00bb3.0.47&Prime; parallax=\u00a0\u00bboff\u00a0\u00bb parallax_method=\u00a0\u00bbon\u00a0\u00bb][et_pb_text _builder_version=\u00a0\u00bb3.7&Prime; text_font=\u00a0\u00bbAbhaya Libre|||||on|||\u00a0\u00bb text_text_color=\u00a0\u00bb#82150f\u00a0\u00bb text_font_size=\u00a0\u00bb65px\u00a0\u00bb text_line_height=\u00a0\u00bb1em\u00a0\u00bb]<span style=\"color: #ffb600;\">Je suis<\/span> biographe hospitalier<br \/>\n[\/et_pb_text][et_pb_text _builder_version=\u00a0\u00bb3.7&Prime; text_font=\u00a0\u00bbAdamina||||||||\u00a0\u00bb text_text_color=\u00a0\u00bb#7f0b0b\u00a0\u00bb text_font_size=\u00a0\u00bb17px\u00a0\u00bb text_line_height=\u00a0\u00bb3em\u00a0\u00bb header_font=\u00a0\u00bb||||||||\u00a0\u00bb header_2_font=\u00a0\u00bb||||||||\u00a0\u00bb max_width=\u00a0\u00bb700px\u00a0\u00bb module_alignment=\u00a0\u00bbcenter\u00a0\u00bb custom_margin=\u00a0\u00bb||40px|\u00a0\u00bb animation_style=\u00a0\u00bbfade\u00a0\u00bb animation_direction=\u00a0\u00bbleft\u00a0\u00bb animation_starting_opacity=\u00a0\u00bb100%\u00a0\u00bb locked=\u00a0\u00bboff\u00a0\u00bb]<\/p>\n<p class=\"font8\" style=\"text-align: justify;\">Longtemps b\u00e9n\u00e9vole d\u2019accompagnement pour des personnes gravement malades, apr\u00e8s mille m\u00e9tiers, ce fut une \u00e9vidence de devenir biographe hospitalier.<\/p>\n<p class=\"font8\" style=\"text-align: justify;\">J\u2019ai commenc\u00e9 \u00e0 recueillir les r\u00e9cits de vie des personnes gravement malades. Cette activit\u00e9 professionnelle pourrait vous laisser penser que je me sp\u00e9cialise dans la fin de vie et les fun\u00e9railles. Il m\u2019a conduite au contraire sur le chemin de la joie et de la valeur de la vie.<\/p>\n<p class=\"font8\" style=\"text-align: justify;\">Les personnes gravement malades que je rencontrais, trouvaient de l\u2019\u00e9nergie \u00e0 raconter leur mariage, les naissances, les pertes, les \u00e9tapes de leur vie qui tissent leur humanit\u00e9 et balisent leur chemin vers une gu\u00e9rison, quelle que soit sa forme\u2026<\/p>\n<p style=\"text-align: justify;\">[\/et_pb_text][et_pb_button button_url=\u00a0\u00bbhttp:\/\/magaliverdet.com\/index.php\/travailler-avec-moi\/\u00a0\u00bb button_text=\u00a0\u00bbc\u00e9l\u00e9brons ensemble\u00a0\u00bb button_alignment=\u00a0\u00bbleft\u00a0\u00bb _builder_version=\u00a0\u00bb3.7&Prime; custom_button=\u00a0\u00bbon\u00a0\u00bb button_text_size=\u00a0\u00bb14px\u00a0\u00bb button_bg_color=\u00a0\u00bb#93b786&Prime; button_border_width=\u00a0\u00bb12px\u00a0\u00bb button_border_color=\u00a0\u00bb#93b786&Prime; button_border_radius=\u00a0\u00bb0px\u00a0\u00bb button_letter_spacing=\u00a0\u00bb4px\u00a0\u00bb button_font=\u00a0\u00bbAdamina|700||on|||||\u00a0\u00bb button_icon=\u00a0\u00bb%%3%%\u00a0\u00bb background_layout=\u00a0\u00bbdark\u00a0\u00bb custom_margin=\u00a0\u00bb|||\u00a0\u00bb animation_style=\u00a0\u00bbslide\u00a0\u00bb animation_direction=\u00a0\u00bbtop\u00a0\u00bb animation_intensity_slide=\u00a0\u00bb3%\u00a0\u00bb animation_starting_opacity=\u00a0\u00bb100%\u00a0\u00bb locked=\u00a0\u00bboff\u00a0\u00bb][\/et_pb_button][\/et_pb_column][\/et_pb_row][\/et_pb_section][et_pb_section fb_built=\u00a0\u00bb1&Prime; _builder_version=\u00a0\u00bb3.7&Prime; custom_padding=\u00a0\u00bb65px|0px|50px|0px|false|false\u00a0\u00bb][et_pb_row custom_padding=\u00a0\u00bb0|0px|0|0px|false|false\u00a0\u00bb _builder_version=\u00a0\u00bb3.7&Prime;][et_pb_column type=\u00a0\u00bb4_4&Prime; _builder_version=\u00a0\u00bb3.7&Prime; parallax=\u00a0\u00bboff\u00a0\u00bb parallax_method=\u00a0\u00bbon\u00a0\u00bb][et_pb_text _builder_version=\u00a0\u00bb3.7&Prime; text_font=\u00a0\u00bbGeorgia|||||on|||\u00a0\u00bb text_text_color=\u00a0\u00bb#db9200&Prime; text_font_size=\u00a0\u00bb31px\u00a0\u00bb text_letter_spacing=\u00a0\u00bb2px\u00a0\u00bb text_line_height=\u00a0\u00bb1.8em\u00a0\u00bb]<\/p>\n<p class=\"font8\" style=\"text-align: center;\"><span style=\"color: #e09900;\">Continuant mon chemin, je suis devenue <\/span><span style=\"color: #8c0f0f;\">C\u00e9l\u00e9brante de Vie<\/span>, un m\u00e9tier qui \u00e9merge comme le pr\u00e9c\u00e9dent dans une soci\u00e9t\u00e9 en manque de rites et de sens.<\/p>\n<p>[\/et_pb_text][\/et_pb_column][\/et_pb_row][\/et_pb_section][et_pb_section fb_built=\u00a0\u00bb1&Prime; custom_padding_last_edited=\u00a0\u00bboff|desktop\u00a0\u00bb admin_label=\u00a0\u00bbFeature Section\u00a0\u00bb _builder_version=\u00a0\u00bb3.0.105&Prime; background_color=\u00a0\u00bb#f7f7f7&Prime; background_image=\u00a0\u00bbhttp:\/\/magaliverdet.com\/wp-content\/uploads\/2020\/05\/tea_shop_42.jpg\u00a0\u00bb custom_padding=\u00a0\u00bb0||120px||false|false\u00a0\u00bb custom_padding_tablet=\u00a0\u00bb0px||0px|\u00a0\u00bb][et_pb_row make_fullwidth=\u00a0\u00bbon\u00a0\u00bb use_custom_gutter=\u00a0\u00bbon\u00a0\u00bb gutter_width=\u00a0\u00bb1&Prime; custom_padding=\u00a0\u00bb100px|0px|0px|0px|false|false\u00a0\u00bb padding_top_1=\u00a0\u00bb100px\u00a0\u00bb padding_right_1=\u00a0\u00bb8%\u00a0\u00bb padding_bottom_1=\u00a0\u00bb100px\u00a0\u00bb padding_left_1=\u00a0\u00bb12%\u00a0\u00bb _builder_version=\u00a0\u00bb3.7&Prime; use_background_color_gradient=\u00a0\u00bbon\u00a0\u00bb background_color_gradient_start=\u00a0\u00bb#ffffff\u00a0\u00bb background_color_gradient_end=\u00a0\u00bb#fff6db\u00a0\u00bb locked=\u00a0\u00bboff\u00a0\u00bb][et_pb_column type=\u00a0\u00bb1_2&Prime; _builder_version=\u00a0\u00bb3.0.47&Prime; padding_bottom=\u00a0\u00bb100px\u00a0\u00bb padding_left=\u00a0\u00bb12%\u00a0\u00bb padding_right=\u00a0\u00bb8%\u00a0\u00bb padding_top=\u00a0\u00bb100px\u00a0\u00bb parallax=\u00a0\u00bboff\u00a0\u00bb parallax_method=\u00a0\u00bbon\u00a0\u00bb][et_pb_text _builder_version=\u00a0\u00bb3.7&Prime; text_font=\u00a0\u00bbAdamina||||||||\u00a0\u00bb text_text_color=\u00a0\u00bb#000000&Prime; text_font_size=\u00a0\u00bb17px\u00a0\u00bb text_line_height=\u00a0\u00bb3em\u00a0\u00bb header_font=\u00a0\u00bb||||||||\u00a0\u00bb header_2_font=\u00a0\u00bb||||||||\u00a0\u00bb max_width=\u00a0\u00bb700px\u00a0\u00bb module_alignment=\u00a0\u00bbcenter\u00a0\u00bb custom_margin=\u00a0\u00bb||40px|\u00a0\u00bb animation_style=\u00a0\u00bbfade\u00a0\u00bb animation_direction=\u00a0\u00bbleft\u00a0\u00bb animation_starting_opacity=\u00a0\u00bb100%\u00a0\u00bb]<\/p>\n<p class=\"font8\" style=\"text-align: justify;\">Le fondement de mes activit\u00e9s est votre histoire, celle de votre couple, votre famille, descendants et ascendants, vos r\u00eaves, vos r\u00e9ussites et vos pertes\u2026 Une vie est faite d\u2019un ensemble d\u2019\u00e9v\u00e9nements qui nous invitent \u00e0 investir une palette d\u2019\u00e9motions qui ont toutes leur place. Mes deux activit\u00e9s se nourrissent l\u2019une, l\u2019autre et sont \u00e0 votre service pour vous accompagner au mieux dans votre projet personnalis\u00e9 de c\u00e9l\u00e9bration et\/ou d\u2019\u00e9criture.<\/p>\n<p class=\"font8\" style=\"text-align: justify;\">Je partage avec vous l\u2019envie de donner du sens \u00e0 vos choix de vie, de co-cr\u00e9er avec vous la c\u00e9r\u00e9monie qui vous ressemble, la c\u00e9l\u00e9brer avec respect, humilit\u00e9, joie et gratitude.<\/p>\n<p class=\"font8\" style=\"text-align: justify;\">Je mets autant d\u2019enthousiasme \u00e0 \u00e9crire pour vous votre histoire, celle qui fondera l\u2019essentiel de votre c\u00e9r\u00e9monie et\/ou celle que vous voulez consigner dans un livre sur-mesure.<\/p>\n<p>[\/et_pb_text][\/et_pb_column][et_pb_column type=\u00a0\u00bb1_2&Prime; _builder_version=\u00a0\u00bb3.0.47&Prime; parallax=\u00a0\u00bboff\u00a0\u00bb parallax_method=\u00a0\u00bbon\u00a0\u00bb][et_pb_image src=\u00a0\u00bbhttp:\/\/magaliverdet.com\/wp-content\/uploads\/2020\/05\/david-vig-qwHHOC2z5Xs-unsplash-scaled.jpg\u00a0\u00bb show_bottom_space=\u00a0\u00bboff\u00a0\u00bb align=\u00a0\u00bbcenter\u00a0\u00bb force_fullwidth=\u00a0\u00bbon\u00a0\u00bb _builder_version=\u00a0\u00bb3.7&Prime; box_shadow_style=\u00a0\u00bbpreset3&Prime; box_shadow_vertical=\u00a0\u00bb80px\u00a0\u00bb box_shadow_blur=\u00a0\u00bb120px\u00a0\u00bb box_shadow_spread=\u00a0\u00bb-60px\u00a0\u00bb box_shadow_color=\u00a0\u00bbrgba(63,63,31,0.3)\u00a0\u00bb custom_margin=\u00a0\u00bb|||\u00a0\u00bb animation_style=\u00a0\u00bbslide\u00a0\u00bb animation_direction=\u00a0\u00bbright\u00a0\u00bb animation_intensity_slide=\u00a0\u00bb2%\u00a0\u00bb animation_starting_opacity=\u00a0\u00bb100%\u00a0\u00bb custom_margin_last_edited=\u00a0\u00bboff|desktop\u00a0\u00bb custom_padding=\u00a0\u00bb|||\u00a0\u00bb custom_padding_last_edited=\u00a0\u00bboff|desktop\u00a0\u00bb][\/et_pb_image][\/et_pb_column][\/et_pb_row][\/et_pb_section][et_pb_section fb_built=\u00a0\u00bb1&Prime; admin_label=\u00a0\u00bbFeature Section\u00a0\u00bb _builder_version=\u00a0\u00bb3.7&Prime; use_background_color_gradient=\u00a0\u00bbon\u00a0\u00bb background_color_gradient_start=\u00a0\u00bb#fff6db\u00a0\u00bb background_color_gradient_end=\u00a0\u00bb#ffffff\u00a0\u00bb custom_padding=\u00a0\u00bb50px||0||false|false\u00a0\u00bb][et_pb_row custom_padding=\u00a0\u00bb0|0px|30px|0px|false|false\u00a0\u00bb _builder_version=\u00a0\u00bb3.0.105&Prime;][et_pb_column type=\u00a0\u00bb4_4&Prime; _builder_version=\u00a0\u00bb3.0.47&Prime; parallax=\u00a0\u00bboff\u00a0\u00bb parallax_method=\u00a0\u00bbon\u00a0\u00bb][et_pb_text admin_label=\u00a0\u00bbTitle\u00a0\u00bb _builder_version=\u00a0\u00bb3.7&Prime; text_font=\u00a0\u00bbGeorgia|||||on|||\u00a0\u00bb header_font=\u00a0\u00bb||||||||\u00a0\u00bb header_line_height=\u00a0\u00bb1.2em\u00a0\u00bb header_2_font=\u00a0\u00bbQuattrocento||||||||\u00a0\u00bb header_2_font_size=\u00a0\u00bb60px\u00a0\u00bb header_2_font_size_tablet=\u00a0\u00bb40px\u00a0\u00bb header_2_font_size_last_edited=\u00a0\u00bbon|desktop\u00a0\u00bb header_2_line_height=\u00a0\u00bb1.3em\u00a0\u00bb text_orientation=\u00a0\u00bbcenter\u00a0\u00bb custom_margin=\u00a0\u00bb||10px|\u00a0\u00bb animation_style=\u00a0\u00bbfade\u00a0\u00bb animation_direction=\u00a0\u00bbleft\u00a0\u00bb animation_starting_opacity=\u00a0\u00bb100%\u00a0\u00bb inline_fonts=\u00a0\u00bbGeorgia\u00a0\u00bb]<\/p>\n<h2><span style=\"font-family: Georgia;\">Valeurs<\/span><\/h2>\n<p>[\/et_pb_text][et_pb_text admin_label=\u00a0\u00bbSubtitle\u00a0\u00bb _builder_version=\u00a0\u00bb3.7&Prime; text_font=\u00a0\u00bbAdamina|700||||on|||\u00a0\u00bb text_text_color=\u00a0\u00bb#000000&Prime; text_font_size=\u00a0\u00bb26px\u00a0\u00bb text_line_height=\u00a0\u00bb1.2em\u00a0\u00bb header_font=\u00a0\u00bb||||||||\u00a0\u00bb header_2_font=\u00a0\u00bb||||||||\u00a0\u00bb text_orientation=\u00a0\u00bbcenter\u00a0\u00bb max_width=\u00a0\u00bb700px\u00a0\u00bb module_alignment=\u00a0\u00bbcenter\u00a0\u00bb animation_style=\u00a0\u00bbfade\u00a0\u00bb animation_direction=\u00a0\u00bbleft\u00a0\u00bb animation_starting_opacity=\u00a0\u00bb100%\u00a0\u00bb inline_fonts=\u00a0\u00bbAdamina\u00a0\u00bb]<span style=\"font-family: Adamina;\">Mes origines font de moi, une personne gaie et chaleureuse, j\u2019aime rire et c\u00e9l\u00e9brer la vie.<\/span><br \/>\n[\/et_pb_text][\/et_pb_column][\/et_pb_row][et_pb_row _builder_version=\u00a0\u00bb3.7&Prime;][et_pb_column type=\u00a0\u00bb1_3&Prime; _builder_version=\u00a0\u00bb3.7&Prime; parallax=\u00a0\u00bboff\u00a0\u00bb parallax_method=\u00a0\u00bbon\u00a0\u00bb][et_pb_blurb title=\u00a0\u00bbSolidarit\u00e9\u00a0\u00bb use_icon=\u00a0\u00bbon\u00a0\u00bb font_icon=\u00a0\u00bb%%57%%\u00a0\u00bb icon_color=\u00a0\u00bbrgba(0,0,0,0)\u00a0\u00bb icon_placement=\u00a0\u00bbleft\u00a0\u00bb use_icon_font_size=\u00a0\u00bbon\u00a0\u00bb icon_font_size=\u00a0\u00bb32px\u00a0\u00bb _builder_version=\u00a0\u00bb3.7&Prime; header_font=\u00a0\u00bbGeorgia|700||||on|||\u00a0\u00bb header_text_align=\u00a0\u00bbcenter\u00a0\u00bb header_text_color=\u00a0\u00bb#db9200&Prime; header_font_size=\u00a0\u00bb24px\u00a0\u00bb header_line_height=\u00a0\u00bb1.3em\u00a0\u00bb body_font=\u00a0\u00bbAdamina||||||||\u00a0\u00bb body_text_color=\u00a0\u00bb#000000&Prime; body_font_size=\u00a0\u00bb16px\u00a0\u00bb body_line_height=\u00a0\u00bb1.8em\u00a0\u00bb max_width_tablet=\u00a0\u00bb90%\u00a0\u00bb max_width_phone=\u00a0\u00bb90%\u00a0\u00bb max_width_last_edited=\u00a0\u00bbon|phone\u00a0\u00bb locked=\u00a0\u00bboff\u00a0\u00bb]<\/p>\n<p style=\"text-align: center;\">Collaborer ensemble \u00e0 votre projet quel qu\u2019il soit et qui que vous soyiez, renforcer les liens dans une famille, \u00e0 la nature, \u00e0 plus grand que soi. Nous, les \u00eatres humains, sommes\u00a0faits de souvenirs qui d\u00e9terminent et construisent, qui\u00a0retracent nos racines et ce que nous sommes.<\/p>\n<p style=\"text-align: center;\">[\/et_pb_blurb][\/et_pb_column][et_pb_column type=\u00a0\u00bb1_3&Prime; _builder_version=\u00a0\u00bb3.7&Prime; parallax=\u00a0\u00bboff\u00a0\u00bb parallax_method=\u00a0\u00bbon\u00a0\u00bb][et_pb_blurb title=\u00a0\u00bb\u00c9coute\u00a0\u00bb use_icon=\u00a0\u00bbon\u00a0\u00bb font_icon=\u00a0\u00bb%%57%%\u00a0\u00bb icon_color=\u00a0\u00bbrgba(0,0,0,0)\u00a0\u00bb icon_placement=\u00a0\u00bbleft\u00a0\u00bb use_icon_font_size=\u00a0\u00bbon\u00a0\u00bb icon_font_size=\u00a0\u00bb32px\u00a0\u00bb _builder_version=\u00a0\u00bb3.7&Prime; header_font=\u00a0\u00bbGeorgia|700||||on|||\u00a0\u00bb header_text_align=\u00a0\u00bbcenter\u00a0\u00bb header_text_color=\u00a0\u00bb#db9200&Prime; header_font_size=\u00a0\u00bb24px\u00a0\u00bb header_line_height=\u00a0\u00bb1.3em\u00a0\u00bb body_font=\u00a0\u00bbAdamina||||||||\u00a0\u00bb body_text_color=\u00a0\u00bb#000000&Prime; body_font_size=\u00a0\u00bb16px\u00a0\u00bb body_line_height=\u00a0\u00bb1.8em\u00a0\u00bb max_width_tablet=\u00a0\u00bb90%\u00a0\u00bb max_width_phone=\u00a0\u00bb87%\u00a0\u00bb max_width_last_edited=\u00a0\u00bbon|phone\u00a0\u00bb locked=\u00a0\u00bboff\u00a0\u00bb]<\/p>\n<p style=\"text-align: center;\">\u00catre proche de vous pour bien comprendre vos besoins, restaurer notre relation aux cycles, savoir les \u00e9couter, tisser une relation d\u2019expression cr\u00e9ative avec nos \u00e9motions, \u00eatre \u00e0 l\u2019\u00e9coute de la magie de vos vies, nous ne saurons jamais la valeur d\u2019un moment jusqu\u2019\u00e0 ce qu\u2019il devienne un souvenir.<\/p>\n<p>[\/et_pb_blurb][\/et_pb_column][et_pb_column type=\u00a0\u00bb1_3&Prime; _builder_version=\u00a0\u00bb3.7&Prime; parallax=\u00a0\u00bboff\u00a0\u00bb parallax_method=\u00a0\u00bbon\u00a0\u00bb][et_pb_blurb title=\u00a0\u00bbConfiance\u00a0\u00bb use_icon=\u00a0\u00bbon\u00a0\u00bb font_icon=\u00a0\u00bb%%57%%\u00a0\u00bb icon_color=\u00a0\u00bbrgba(0,0,0,0)\u00a0\u00bb icon_placement=\u00a0\u00bbleft\u00a0\u00bb content_max_width=\u00a0\u00bb320px\u00a0\u00bb use_icon_font_size=\u00a0\u00bbon\u00a0\u00bb icon_font_size=\u00a0\u00bb32px\u00a0\u00bb _builder_version=\u00a0\u00bb3.7&Prime; header_font=\u00a0\u00bbGeorgia|700||||on|||\u00a0\u00bb header_text_align=\u00a0\u00bbcenter\u00a0\u00bb header_text_color=\u00a0\u00bb#db9200&Prime; header_font_size=\u00a0\u00bb24px\u00a0\u00bb header_line_height=\u00a0\u00bb1.3em\u00a0\u00bb body_font=\u00a0\u00bbAdamina||||||||\u00a0\u00bb body_text_color=\u00a0\u00bb#000000&Prime; body_font_size=\u00a0\u00bb16px\u00a0\u00bb body_line_height=\u00a0\u00bb1.8em\u00a0\u00bb max_width=\u00a0\u00bb84%\u00a0\u00bb max_width_tablet=\u00a0\u00bb90%\u00a0\u00bb max_width_phone=\u00a0\u00bb87%\u00a0\u00bb max_width_last_edited=\u00a0\u00bbon|phone\u00a0\u00bb]<\/p>\n<p style=\"text-align: center;\">Nouer un v\u00e9ritable rapport de confiance entre nous, vis-\u00e0-vis de nos proches, \u00e0 la force de vos histoires, \u00e0 notre capacit\u00e9 \u00e0 fonctionner en collectif, \u00e0 la force de l\u2019exp\u00e9rience et de notre humanit\u00e9. Nous sommes des \u00eatres qui exp\u00e9rimentent, grandissent, m\u00fbrissent et qui apprennent.<\/p>\n<p>&nbsp;<br \/>\n[\/et_pb_blurb][\/et_pb_column][\/et_pb_row][\/et_pb_section][et_pb_section fb_built=\u00a0\u00bb1&Prime; admin_label=\u00a0\u00bbFeature Section\u00a0\u00bb _builder_version=\u00a0\u00bb3.7&Prime; background_image=\u00a0\u00bbhttp:\/\/magaliverdet.com\/wp-content\/uploads\/2020\/05\/tea_shop_42.jpg\u00a0\u00bb background_position=\u00a0\u00bbcenter_right\u00a0\u00bb box_shadow_style=\u00a0\u00bbpreset3&Prime; box_shadow_vertical=\u00a0\u00bb80px\u00a0\u00bb box_shadow_blur=\u00a0\u00bb120px\u00a0\u00bb box_shadow_spread=\u00a0\u00bb-60px\u00a0\u00bb box_shadow_color=\u00a0\u00bbrgba(63,63,31,0.3)\u00a0\u00bb custom_margin=\u00a0\u00bb|||\u00a0\u00bb custom_padding=\u00a0\u00bb50px||50px||false|false\u00a0\u00bb animation_style=\u00a0\u00bbslide\u00a0\u00bb animation_direction=\u00a0\u00bbleft\u00a0\u00bb animation_intensity_slide=\u00a0\u00bb2%\u00a0\u00bb animation_starting_opacity=\u00a0\u00bb100%\u00a0\u00bb locked=\u00a0\u00bboff\u00a0\u00bb][et_pb_row custom_padding=\u00a0\u00bb50px|0px|50px|0px|false|false\u00a0\u00bb _builder_version=\u00a0\u00bb3.0.105&Prime;][et_pb_column type=\u00a0\u00bb1_2&Prime; _builder_version=\u00a0\u00bb3.0.47&Prime; parallax=\u00a0\u00bboff\u00a0\u00bb parallax_method=\u00a0\u00bbon\u00a0\u00bb][et_pb_text admin_label=\u00a0\u00bbTitle\u00a0\u00bb _builder_version=\u00a0\u00bb3.7&Prime; text_font=\u00a0\u00bb||||||||\u00a0\u00bb header_font=\u00a0\u00bb||||||||\u00a0\u00bb header_2_font=\u00a0\u00bbQuattrocento||||||||\u00a0\u00bb header_2_text_color=\u00a0\u00bb#93b786&Prime; header_2_font_size=\u00a0\u00bb60px\u00a0\u00bb header_2_font_size_tablet=\u00a0\u00bb40px\u00a0\u00bb header_2_font_size_last_edited=\u00a0\u00bbon|tablet\u00a0\u00bb header_2_line_height=\u00a0\u00bb1.3em\u00a0\u00bb background_layout=\u00a0\u00bbdark\u00a0\u00bb animation_style=\u00a0\u00bbslide\u00a0\u00bb animation_direction=\u00a0\u00bbleft\u00a0\u00bb animation_duration=\u00a0\u00bb1400ms\u00a0\u00bb animation_intensity_slide=\u00a0\u00bb6%\u00a0\u00bb inline_fonts=\u00a0\u00bbGeorgia\u00a0\u00bb]<\/p>\n<h2 style=\"text-align: center;\"><\/h2>\n<p>&nbsp;<\/p>\n<h2 style=\"text-align: center;\"><span style=\"color: #000000; font-family: Georgia;\"><span style=\"caret-color: #000000;\">Mon exigence<\/span><\/span><\/h2>\n<p>[\/et_pb_text][\/et_pb_column][et_pb_column type=\u00a0\u00bb1_2&Prime; _builder_version=\u00a0\u00bb3.0.47&Prime; parallax=\u00a0\u00bboff\u00a0\u00bb parallax_method=\u00a0\u00bbon\u00a0\u00bb][et_pb_text _builder_version=\u00a0\u00bb3.7&Prime; text_font=\u00a0\u00bbAdamina||||||||\u00a0\u00bb text_text_color=\u00a0\u00bb#000000&Prime; text_font_size=\u00a0\u00bb15px\u00a0\u00bb text_line_height=\u00a0\u00bb3em\u00a0\u00bb]<\/p>\n<p style=\"text-align: justify;\">Je porte la synth\u00e8se harmonieuse de mon parcours de vie et de mon savoir-faire.<br \/>\n\u00catre c\u00e9l\u00e9brant comme biographe ne s\u2019improvisent pas. Les m\u00e9tiers de la relation sont engageants. Dans ces contextes o\u00f9 la valeur de l\u2019humain est importante, j\u2019ai pris la dimension au fur et \u00e0 mesure de mon parcours de ma responsabilit\u00e9 et de l\u2019importance de mes interventions.<\/p>\n<p style=\"text-align: justify;\">Se former est un acte de respect pour une profession, mais surtout pour soi et pour les autres. Toute pratique mettant en jeu l\u2019\u00e9coute de la vie de quelqu\u2019un et son \u00e9nonciation sous forme de r\u00e9cit, par oral comme par \u00e9crit, est une activit\u00e9 exigeante.<\/p>\n<p style=\"text-align: justify;\">[\/et_pb_text][\/et_pb_column][\/et_pb_row][\/et_pb_section][et_pb_section fb_built=\u00a0\u00bb1&Prime; _builder_version=\u00a0\u00bb3.7&Prime; background_image=\u00a0\u00bbhttp:\/\/magaliverdet.com\/wp-content\/uploads\/2020\/05\/joanna-kosinska-3BgkveM3y_k-unsplash-scaled.jpg\u00a0\u00bb background_position=\u00a0\u00bbtop_center\u00a0\u00bb custom_padding=\u00a0\u00bb111px|0px|187px|0px|false|false\u00a0\u00bb][\/et_pb_section]<\/p>\n","protected":false},"excerpt":{"rendered":"<p>[et_pb_section fb_built=\u00a0\u00bb1&Prime; admin_label=\u00a0\u00bbHero Section\u00a0\u00bb _builder_version=\u00a0\u00bb3.7&Prime; background_image=\u00a0\u00bbhttp:\/\/magaliverdet.com\/wp-content\/uploads\/2020\/05\/vincent-van-zalinge-NbV2zFTlc78-unsplash-scaled.jpg\u00a0\u00bb parallax=\u00a0\u00bbon\u00a0\u00bb custom_margin=\u00a0\u00bb|||\u00a0\u00bb custom_padding=\u00a0\u00bb8%||8%|\u00a0\u00bb locked=\u00a0\u00bboff\u00a0\u00bb][et_pb_row _builder_version=\u00a0\u00bb3.0.47&Prime; background_size=\u00a0\u00bbinitial\u00a0\u00bb background_position=\u00a0\u00bbtop_left\u00a0\u00bb background_repeat=\u00a0\u00bbrepeat\u00a0\u00bb][et_pb_column type=\u00a0\u00bb4_4&Prime; _builder_version=\u00a0\u00bb3.0.47&Prime; parallax=\u00a0\u00bboff\u00a0\u00bb parallax_method=\u00a0\u00bbon\u00a0\u00bb][et_pb_text admin_label=\u00a0\u00bbTitle\u00a0\u00bb _builder_version=\u00a0\u00bb3.7&Prime; text_font=\u00a0\u00bbTrebuchet|||||on|||\u00a0\u00bb text_text_color=\u00a0\u00bb#000000&Prime; text_font_size=\u00a0\u00bb30px\u00a0\u00bb text_line_height=\u00a0\u00bb1.4em\u00a0\u00bb header_font=\u00a0\u00bbTimes New Roman|||on|||||\u00a0\u00bb header_text_align=\u00a0\u00bbcenter\u00a0\u00bb header_text_color=\u00a0\u00bb#000000&Prime; header_font_size=\u00a0\u00bb80px\u00a0\u00bb header_font_size_tablet=\u00a0\u00bb40px\u00a0\u00bb header_font_size_last_edited=\u00a0\u00bbon|tablet\u00a0\u00bb header_letter_spacing=\u00a0\u00bb6px\u00a0\u00bb header_line_height=\u00a0\u00bb1.4em\u00a0\u00bb text_orientation=\u00a0\u00bbcenter\u00a0\u00bb background_layout=\u00a0\u00bbdark\u00a0\u00bb max_width=\u00a0\u00bb800px\u00a0\u00bb module_alignment=\u00a0\u00bbcenter\u00a0\u00bb animation_style=\u00a0\u00bbslide\u00a0\u00bb animation_direction=\u00a0\u00bbtop\u00a0\u00bb animation_intensity_slide=\u00a0\u00bb3%\u00a0\u00bb animation_starting_opacity=\u00a0\u00bb100%\u00a0\u00bb inline_fonts=\u00a0\u00bbGeorgia,Adamina\u00a0\u00bb] Qui suis-je ? Je vous accompagnerai sur ce chemin riche de sens [&hellip;]<\/p>\n","protected":false},"author":1,"featured_media":0,"parent":0,"menu_order":0,"comment_status":"closed","ping_status":"closed","template":"","meta":[],"_links":{"self":[{"href":"https:\/\/magaliverdet.com\/index.php\/wp-json\/wp\/v2\/pages\/65"}],"collection":[{"href":"https:\/\/magaliverdet.com\/index.php\/wp-json\/wp\/v2\/pages"}],"about":[{"href":"https:\/\/magaliverdet.com\/index.php\/wp-json\/wp\/v2\/types\/page"}],"author":[{"embeddable":true,"href":"https:\/\/magaliverdet.com\/index.php\/wp-json\/wp\/v2\/users\/1"}],"replies":[{"embeddable":true,"href":"https:\/\/magaliverdet.com\/index.php\/wp-json\/wp\/v2\/comments?post=65"}],"version-history":[{"count":26,"href":"https:\/\/magaliverdet.com\/index.php\/wp-json\/wp\/v2\/pages\/65\/revisions"}],"predecessor-version":[{"id":354,"href":"https:\/\/magaliverdet.com\/index.php\/wp-json\/wp\/v2\/pages\/65\/revisions\/354"}],"wp:attachment":[{"href":"https:\/\/magaliverdet.com\/index.php\/wp-json\/wp\/v2\/media?parent=65"}],"curies":[{"name":"wp","href":"https:\/\/api.w.org\/{rel}","templated":true}]}}